{"id":47,"date":"2025-06-11T15:01:30","date_gmt":"2025-06-11T12:01:30","guid":{"rendered":"https:\/\/www.orhanucal.com\/fr\/?page_id=47"},"modified":"2025-07-21T15:59:08","modified_gmt":"2025-07-21T12:59:08","slug":"a-propos-de-nous","status":"publish","type":"page","link":"https:\/\/www.orhanucal.com\/fr\/a-propos-de-nous\/","title":{"rendered":"\u00c0 Propos de Nous"},"content":{"rendered":"<p>Je suis n\u00e9 le 27 septembre 1983 dans la petite ville m\u00e9ridionale de Kilis en tant qu\u2019un homme Balance typique. Apr\u00e8s avoir termin\u00e9 l\u2019\u00e9cole primaire, le coll\u00e8ge et le lyc\u00e9e, j\u2019ai commenc\u00e9 mon aventure m\u00e9dicale en 2001 \u00e0 l\u2019Universit\u00e9 Celal Bayar de Manisa, une d\u00e9cision que j\u2019avais prise d\u00e8s l\u2019\u00e9cole primaire. Apr\u00e8s deux ans pass\u00e9s l\u00e0-bas, j\u2019ai effectu\u00e9 un transfert horizontal vers l\u2019Universit\u00e9 de \u00c7ukurova, qui allait \u00e9galement fa\u00e7onner ma vie.<\/p>\n<p>Apr\u00e8s avoir termin\u00e9 la facult\u00e9 de m\u00e9decine avec mention, j\u2019ai commenc\u00e9 \u00e0 travailler au service des urgences de l\u2019H\u00f4pital d\u2019\u00c9tat de Kilis pour faire face aux r\u00e9alit\u00e9s de la vie et accomplir mon service obligatoire. Pendant cette p\u00e9riode, j\u2019ai r\u00e9ussi l\u2019examen de sp\u00e9cialisation m\u00e9dicale et, \u00e0 la fin de mon troisi\u00e8me mois, j\u2019ai int\u00e9gr\u00e9 l\u2019H\u00f4pital de Formation et de Recherche \u015ei\u015fli Etfal, o\u00f9 j\u2019ai appris tout ce qui concerne l\u2019oto-rhino-laryngologie. Gr\u00e2ce \u00e0 un flux de patients tr\u00e8s intense et au soutien de mes professeurs exp\u00e9riment\u00e9s, j\u2019ai r\u00e9alis\u00e9 toutes les chirurgies li\u00e9es \u00e0 l\u2019ORL et obtenu mon dipl\u00f4me de sp\u00e9cialiste en 2013.<\/p>\n<p>J\u2019ai publi\u00e9 des dizaines d\u2019articles dans des revues scientifiques nationales et internationales \u00e0 comit\u00e9 de lecture, et j\u2019ai \u00e9t\u00e9 conf\u00e9rencier dans de nombreux congr\u00e8s nationaux et internationaux. Pendant ma formation de sp\u00e9cialisation, j\u2019ai eu la chance de travailler \u00e0 Graz, en Autriche, avec deux figures majeures du domaine, le Prof. Dr. Gerhard Friedrich et le PD Dr. Markus Gugatschka. Dans cette clinique, j\u2019ai eu l\u2019opportunit\u00e9 d\u2019assister \u00e0 de nombreuses interventions, en mettant particuli\u00e8rement l\u2019accent sur les maladies de la voix et la rhinoplastie.<\/p>\n<p>J\u2019ai effectu\u00e9 mon service obligatoire \u00e0 l\u2019H\u00f4pital d\u2019\u00c9tat de Van\/Erci\u015f. Durant cette p\u00e9riode, j\u2019ai eu l\u2019occasion de r\u00e9aliser des centaines de rhinoplasties en utilisant diff\u00e9rentes techniques, ce qui m\u2019a permis de commencer \u00e0 d\u00e9velopper ma propre m\u00e9thode.<\/p>\n<p>Entre 2014 et 2017, j\u2019ai travaill\u00e9 comme sp\u00e9cialiste ORL \u00e0 l\u2019H\u00f4pital Priv\u00e9 Sur. Pendant ces trois ann\u00e9es, j\u2019ai r\u00e9alis\u00e9 plus de 1000 op\u00e9rations. L\u2019introduction du piezo, un appareil ultrasonique permettant de sculpter l\u2019os avec pr\u00e9cision, a fait de la rhinoplastie une priorit\u00e9 dans ma pratique.<\/p>\n<p>Depuis juin 2017, j\u2019exerce dans mon propre cabinet priv\u00e9, sp\u00e9cialis\u00e9 en rhinoplastie, ORL p\u00e9diatrique et interventions esth\u00e9tiques du visage.<\/p>\n<p>J\u2019ai un mariage heureux avec ma ch\u00e8re \u00e9pouse H\u00fclya, qui est \u00e9galement la coordinatrice g\u00e9n\u00e9rale de notre clinique. Nous avons deux fils, O\u011fuz Kerem et Can.<\/p>\n<p><a data-fancybox=\"certificate\" href=\"https:\/\/www.orhanucal.com\/fr\/wp-content\/uploads\/2025\/07\/orhanucal-europen.jpg\"><br \/>\n<img decoding=\"async\" src=\"https:\/\/www.orhanucal.com\/fr\/wp-content\/uploads\/2025\/07\/european.jpg\" alt=\"\" class=\"img-fluid certificate\"><br \/>\n<\/a><\/p>\n<p><iframe loading=\"lazy\" src=\"https:\/\/www.youtube.com\/embed\/yAeaLUiNwo8\" width=\"100%\" height=\"500\" frameborder=\"0\" allowfullscreen=\"allowfullscreen\"><\/iframe><\/p>\n","protected":false},"excerpt":{"rendered":"<p>Je suis n\u00e9 le 27 septembre 1983 dans la petite ville m\u00e9ridionale de Kilis en tant qu\u2019un homme Balance typique. Apr\u00e8s avoir termin\u00e9 l\u2019\u00e9cole primaire, le coll\u00e8ge et le lyc\u00e9e, j\u2019ai commenc\u00e9 mon aventure m\u00e9dicale en 2001 \u00e0 l\u2019Universit\u00e9 Celal Bayar de Manisa, une d\u00e9cision que j\u2019avais prise d\u00e8s l\u2019\u00e9cole primaire. Apr\u00e8s deux ans pass\u00e9s [&hellip;]<\/p>\n","protected":false},"author":1,"featured_media":252,"parent":0,"menu_order":0,"comment_status":"closed","ping_status":"closed","template":"","meta":{"footnotes":""},"class_list":["post-47","page","type-page","status-publish","has-post-thumbnail","hentry"],"_links":{"self":[{"href":"https:\/\/www.orhanucal.com\/fr\/wp-json\/wp\/v2\/pages\/47","targetHints":{"allow":["GET"]}}],"collection":[{"href":"https:\/\/www.orhanucal.com\/fr\/wp-json\/wp\/v2\/pages"}],"about":[{"href":"https:\/\/www.orhanucal.com\/fr\/wp-json\/wp\/v2\/types\/page"}],"author":[{"embeddable":true,"href":"https:\/\/www.orhanucal.com\/fr\/wp-json\/wp\/v2\/users\/1"}],"replies":[{"embeddable":true,"href":"https:\/\/www.orhanucal.com\/fr\/wp-json\/wp\/v2\/comments?post=47"}],"version-history":[{"count":12,"href":"https:\/\/www.orhanucal.com\/fr\/wp-json\/wp\/v2\/pages\/47\/revisions"}],"predecessor-version":[{"id":406,"href":"https:\/\/www.orhanucal.com\/fr\/wp-json\/wp\/v2\/pages\/47\/revisions\/406"}],"wp:featuredmedia":[{"embeddable":true,"href":"https:\/\/www.orhanucal.com\/fr\/wp-json\/wp\/v2\/media\/252"}],"wp:attachment":[{"href":"https:\/\/www.orhanucal.com\/fr\/wp-json\/wp\/v2\/media?parent=47"}],"curies":[{"name":"wp","href":"https:\/\/api.w.org\/{rel}","templated":true}]}}