{"id":335,"date":"2025-09-01T23:01:16","date_gmt":"2025-09-01T20:01:16","guid":{"rendered":"https:\/\/www.orhanucal.com\/tr\/?page_id=335"},"modified":"2025-09-01T23:01:16","modified_gmt":"2025-09-01T20:01:16","slug":"kisisel-verileri-saklama-ve-imha-politikamiz","status":"publish","type":"page","link":"https:\/\/www.orhanucal.com\/tr\/kisisel-verileri-saklama-ve-imha-politikamiz\/","title":{"rendered":"Ki\u015fisel Verileri Saklama ve \u0130mha Politikam\u0131z"},"content":{"rendered":"<p><strong>YUSUF ORHAN U\u00c7AL<\/strong><strong>\u00a0(DR. Y.O.U. RHINOCLINIC)\u00a0<\/strong><strong>K\u0130\u015e\u0130SEL VER\u0130 SAKLAMA ve\u00a0<\/strong><strong>\u0130MHA POL\u0130T\u0130KASI<\/strong><\/p>\n<p><strong>ADRES\u00a0\u00a0\u00a0\u00a0\u00a0\u00a0\u00a0\u00a0\u00a0\u00a0\u00a0 : K\u00fc\u00e7\u00fckbakkalk\u00f6y Mah. Dudullu Cad. No:23-25 B<\/strong><\/p>\n<p><strong>Brandium residence R2 Blok<\/strong><\/p>\n<p><strong>D:97-98 34788 Ata\u015fehir\/\u0130stanbul\u00a0\u00a0\u00a0\u00a0\u00a0\u00a0\u00a0\u00a0\u00a0\u00a0<\/strong><\/p>\n<p><strong>TELEFON\u00a0\u00a0\u00a0\u00a0\u00a0\u00a0 : +90 (216) 909 4131<\/strong><\/p>\n<p><strong>WEB\u00a0\u00a0\u00a0\u00a0\u00a0\u00a0\u00a0\u00a0\u00a0\u00a0\u00a0\u00a0\u00a0\u00a0\u00a0 : www.orhanucal.com\u00a0\u00a0\u00a0\u00a0\u00a0\u00a0\u00a0\u00a0\u00a0\u00a0\u00a0\u00a0\u00a0\u00a0<\/strong><\/p>\n<p>Bu Politika metninde yer alan t\u00fcm i\u00e7eriklerin, bireysel kullan\u0131m d\u0131\u015f\u0131nda izin al\u0131nmadan k\u0131smen ya da tamamen kopyalanmas\u0131, \u00e7o\u011falt\u0131lmas\u0131, kullan\u0131lmas\u0131, yay\u0131mlanmas\u0131 ve da\u011f\u0131t\u0131lmas\u0131 yasakt\u0131r. Bu yasa\u011fa uymayanlar hakk\u0131nda 5846 say\u0131l\u0131 Fikir ve Sanat Eserleri Kanunu uyar\u0131nca yasal i\u015flem yap\u0131lacakt\u0131r. \u00dcr\u00fcn\u00fcn t\u00fcm haklar\u0131 sakl\u0131d\u0131r.<\/p>\n<p><strong>1.<\/strong><strong>G\u0130R\u0130\u015e<\/strong><\/p>\n<p>1.1. Ama\u00e7<\/p>\n<p>Ki\u015fisel Verileri Saklama ve \u0130mha Politikas\u0131 (\u201c<strong>Politika<\/strong>\u201d), DR. YUSUF ORHAN U\u00c7AL (DR. Y.O.U. RHINOCLINIC) (\u201c<strong>Dr. Y.O.U<\/strong>\u201d veya \u201c<strong>Klinik<\/strong>\u201d) taraf\u0131ndan ger\u00e7ekle\u015ftirilmekte olan saklama ve imha faaliyetlerine ili\u015fkin i\u015f ve i\u015flemler konusunda usul ve esaslar\u0131 belirlemek amac\u0131yla haz\u0131rlanm\u0131\u015ft\u0131r.<\/p>\n<p>Klinik; Stratejik Planda belirlenen misyon, vizyon ve temel ilkeler do\u011frultusunda; Klinik \u00e7al\u0131\u015fanlar\u0131, \u00e7al\u0131\u015fan adaylar\u0131, hizmet sa\u011flay\u0131c\u0131lar\u0131, hastalar, potansiyel hastalar, ziyaret\u00e7iler ve di\u011fer \u00fc\u00e7\u00fcnc\u00fc ki\u015filere ait ki\u015fisel verilerin T.C. Anayasas\u0131, uluslararas\u0131 s\u00f6zle\u015fmeler, 6698 say\u0131l\u0131 Ki\u015fisel Verilerin Korunmas\u0131 Kanunu (\u201cKanun\u201d) ve di\u011fer ilgili mevzuata uygun olarak i\u015flenmesini ve ilgili ki\u015filerin haklar\u0131n\u0131 etkin bir \u015fekilde kullanmas\u0131n\u0131n sa\u011flanmas\u0131n\u0131 \u00f6ncelik olarak belirlemi\u015ftir.<\/p>\n<p>Ki\u015fisel verilerin saklanmas\u0131 ve imhas\u0131na ili\u015fkin i\u015f ve i\u015flemler, Klinik taraf\u0131ndan bu do\u011frultuda haz\u0131rlanm\u0131\u015f olan Politikaya uygun olarak ger\u00e7ekle\u015ftirilir.<\/p>\n<p>1.2.\u00a0\u00a0\u00a0 Kapsam<\/p>\n<p>Klinik \u00e7al\u0131\u015fanlar\u0131, \u00e7al\u0131\u015fan adaylar\u0131, hizmet sa\u011flay\u0131c\u0131lar\u0131, hastalar, potansiyel hastalar, ziyaret\u00e7iler ve di\u011fer \u00fc\u00e7\u00fcnc\u00fc ki\u015filere ait ki\u015fisel veriler bu Politika kapsam\u0131nda olup Klinik\u2019in sahip oldu\u011fu ya da Klinik taraf\u0131ndan y\u00f6netilen ki\u015fisel verilerin i\u015flendi\u011fi t\u00fcm kay\u0131t ortamlar\u0131 ve ki\u015fisel veri i\u015flenmesine y\u00f6nelik faaliyetlerde bu Politika uygulan\u0131r.<\/p>\n<p>1.3.\u00a0\u00a0\u00a0 Tan\u0131mlar<\/p>\n<table width=\"619\">\n<tbody>\n<tr>\n<td width=\"170\">\n<h6><strong>Al\u0131c\u0131 Grubu\u00a0<\/strong><\/h6>\n<\/td>\n<td width=\"434\">\n<h6>Veri sorumlusu taraf\u0131ndan ki\u015fisel verilerin aktar\u0131ld\u0131\u011f\u0131 ger\u00e7ek veya t\u00fczel ki\u015fi kategorisi.<\/h6>\n<\/td>\n<\/tr>\n<tr>\n<td width=\"170\">\n<h6><strong>A\u00e7\u0131k R\u0131za<\/strong><\/h6>\n<\/td>\n<td width=\"434\">\n<h6>Belirli bir konuya ili\u015fkin, bilgilendirilmeye dayanan ve \u00f6zg\u00fcr iradeyle a\u00e7\u0131klanan r\u0131za.<\/h6>\n<\/td>\n<\/tr>\n<tr>\n<td width=\"170\">\n<h6><strong>Anonim Hale Getirme<\/strong><\/h6>\n<\/td>\n<td width=\"434\">\n<h6>Ki\u015fisel verilerin, ba\u015fka verilerle e\u015fle\u015ftirilerek dahi hi\u00e7bir surette kimli\u011fi belirli veya belirlenebilir bir ger\u00e7ek ki\u015fiyle ili\u015fkilendirilemeyecek hale getirilmesi.<\/h6>\n<\/td>\n<\/tr>\n<tr>\n<td width=\"170\">\n<h6><strong>\u00c7al\u0131\u015fan<\/strong><\/h6>\n<\/td>\n<td width=\"434\">\n<h6>Klinik\u2019in sigortal\u0131 personeli.<\/h6>\n<\/td>\n<\/tr>\n<tr>\n<td width=\"170\">\n<h6><strong>Elektronik Ortam<\/strong><\/h6>\n<\/td>\n<td width=\"434\">\n<h6>Ki\u015fisel verilerin elektronik ayg\u0131tlar ile olu\u015fturulabildi\u011fi, okunabildi\u011fi, de\u011fi\u015ftirilebildi\u011fi ve yaz\u0131labildi\u011fi ortamlar.<\/h6>\n<\/td>\n<\/tr>\n<tr>\n<td width=\"170\">\n<h6><strong>Elektronik Olmayan Ortam<\/strong><\/h6>\n<\/td>\n<td width=\"434\">\n<h6>Elektronik ortamlar\u0131n d\u0131\u015f\u0131nda kalan t\u00fcm yaz\u0131l\u0131, bas\u0131l\u0131, g\u00f6rsel vb. di\u011fer ortamlar.<\/h6>\n<\/td>\n<\/tr>\n<tr>\n<td width=\"170\">\n<h6><strong>Hizmet Sa\u011flay\u0131c\u0131<\/strong><\/h6>\n<\/td>\n<td width=\"434\">\n<h6>Klinik ile belirli bir s\u00f6zle\u015fme \u00e7er\u00e7evesinde hizmet sa\u011flayan ger\u00e7ek veya t\u00fczel ki\u015fi.<\/h6>\n<\/td>\n<\/tr>\n<tr>\n<td width=\"170\">\n<h6><strong>\u0130lgili Ki\u015fi<\/strong><\/h6>\n<\/td>\n<td width=\"434\">\n<h6>Ki\u015fisel verisi i\u015flenen ger\u00e7ek ki\u015fi.<\/h6>\n<\/td>\n<\/tr>\n<tr>\n<td width=\"170\">\n<h6><strong>\u0130lgili Kullan\u0131c\u0131<\/strong><\/h6>\n<\/td>\n<td width=\"434\">\n<h6>Verilerin teknik olarak depolanmas\u0131, korunmas\u0131 ve yedeklenmesinden sorumlu olan ki\u015fi ya da birim hari\u00e7 olmak \u00fczere veri sorumlusu organizasyonu i\u00e7erisinde veya veri sorumlusundan ald\u0131\u011f\u0131 yetki ve talimat do\u011frultusunda ki\u015fisel verileri i\u015fleyen ki\u015filer.<\/h6>\n<\/td>\n<\/tr>\n<tr>\n<td width=\"170\">\n<h6><strong>\u0130mha<\/strong><\/h6>\n<\/td>\n<td width=\"434\">\n<h6>Ki\u015fisel verilerin silinmesi, yok edilmesi veya anonim hale getirilmesi.<\/h6>\n<\/td>\n<\/tr>\n<tr>\n<td width=\"170\">\n<h6><strong>Kanun<\/strong><\/h6>\n<\/td>\n<td width=\"434\">\n<h6>6698 Say\u0131l\u0131 Ki\u015fisel Verilerin Korunmas\u0131 Kanunu.<\/h6>\n<\/td>\n<\/tr>\n<tr>\n<td width=\"170\">\n<h6><strong>Kay\u0131t Ortam\u0131<\/strong><\/h6>\n<\/td>\n<td width=\"434\">\n<h6>Tamamen veya k\u0131smen otomatik olan ya da herhangi bir veri kay\u0131t sisteminin par\u00e7as\u0131 olmak kayd\u0131yla otomatik olmayan yollarla i\u015flenen ki\u015fisel verilerin bulundu\u011fu her t\u00fcrl\u00fc ortam.<\/h6>\n<\/td>\n<\/tr>\n<tr>\n<td width=\"170\">\n<h6><strong>Ki\u015fisel Veri<\/strong><\/h6>\n<\/td>\n<td width=\"434\">\n<h6>Kimli\u011fi belirli veya belirlenebilir ger\u00e7ek ki\u015fiye ili\u015fkin her t\u00fcrl\u00fc bilgi.<\/h6>\n<\/td>\n<\/tr>\n<tr>\n<td width=\"170\">\n<h6><strong>Ki\u015fisel Veri \u0130\u015fleme Envanteri<\/strong><\/h6>\n<\/td>\n<td width=\"434\">\n<h6>Veri sorumlular\u0131n\u0131n i\u015f s\u00fcre\u00e7lerine ba\u011fl\u0131 olarak ger\u00e7ekle\u015ftirmekte olduklar\u0131 ki\u015fisel verileri i\u015fleme faaliyetlerini; ki\u015fisel verileri i\u015fleme ama\u00e7lar\u0131 ve hukuki sebebi, veri kategorisi, aktar\u0131lan al\u0131c\u0131 grubu ve veri konusu ki\u015fi grubuyla ili\u015fkilendirerek olu\u015fturduklar\u0131 ve ki\u015fisel verilerin i\u015flendikleri ama\u00e7lar i\u00e7in gerekli olan azami muhafaza edilme s\u00fcresini, yabanc\u0131 \u00fclkelere aktar\u0131m\u0131 \u00f6ng\u00f6r\u00fclen ki\u015fisel verileri ve veri g\u00fcvenli\u011fine ili\u015fkin al\u0131nan tedbirleri a\u00e7\u0131klayarak detayland\u0131rd\u0131klar\u0131 envanter.<\/h6>\n<\/td>\n<\/tr>\n<tr>\n<td width=\"170\">\n<h6><strong>Ki\u015fisel Verilerin \u0130\u015flenmesi<\/strong><\/h6>\n<\/td>\n<td width=\"434\">\n<h6>Ki\u015fisel verilerin tamamen veya k\u0131smen otomatik olan ya da herhangi bir veri kay\u0131t sisteminin par\u00e7as\u0131 olmak kayd\u0131yla otomatik olmayan yollarla elde edilmesi, kaydedilmesi, depolanmas\u0131, saklanmas\u0131, de\u011fi\u015ftirilmesi, yeniden d\u00fczenlenmesi, a\u00e7\u0131klanmas\u0131, aktar\u0131lmas\u0131, devral\u0131nmas\u0131, elde edilebilir hale getirilmesi, s\u0131n\u0131fland\u0131r\u0131lmas\u0131 ya da kullan\u0131lmas\u0131n\u0131n engellenmesi gibi veriler \u00fczerinde ger\u00e7ekle\u015ftirilen her t\u00fcrl\u00fc i\u015flem.<\/h6>\n<\/td>\n<\/tr>\n<tr>\n<td width=\"170\">\n<h6><strong>\u00d6zel Nitelikli Ki\u015fisel Veri<\/strong><\/h6>\n<\/td>\n<td width=\"434\">\n<h6>Ki\u015filerin \u0131rk\u0131, etnik k\u00f6keni, siyasi d\u00fc\u015f\u00fcncesi, felsefi inanc\u0131, dini, mezhebi veya di\u011fer inan\u00e7lar\u0131, k\u0131l\u0131k ve k\u0131yafeti, dernek, vak\u0131f ya da sendika \u00fcyeli\u011fi, sa\u011fl\u0131\u011f\u0131, cinsel hayat\u0131, ceza mahk\u00fbmiyeti ve g\u00fcvenlik tedbirleriyle ilgili verileri ile biyometrik ve genetik verileri.<\/h6>\n<\/td>\n<\/tr>\n<tr>\n<td width=\"170\">\n<h6><strong>Periyodik \u0130mha<\/strong><\/h6>\n<\/td>\n<td width=\"434\">\n<h6>Kanunda yer alan ki\u015fisel verilerin i\u015flenme \u015fartlar\u0131n\u0131n tamam\u0131n\u0131n ortadan kalkmas\u0131 durumunda ki\u015fisel verileri saklama ve imha politikas\u0131nda belirtilen ve tekrar eden aral\u0131klarla re\u2019sen ger\u00e7ekle\u015ftirilecek silme, yok etme veya anonim hale getirme i\u015flemi.<\/h6>\n<\/td>\n<\/tr>\n<tr>\n<td width=\"170\">\n<h6><strong>Politika<\/strong><\/h6>\n<\/td>\n<td width=\"434\">\n<h6>Ki\u015fisel Verileri Saklama ve \u0130mha Politikas\u0131<\/h6>\n<\/td>\n<\/tr>\n<tr>\n<td width=\"170\">\n<h6><strong>Veri \u0130\u015fleyen<\/strong><\/h6>\n<\/td>\n<td width=\"434\">\n<h6>Veri sorumlusunun verdi\u011fi yetkiye dayanarak veri sorumlusu ad\u0131na ki\u015fisel verileri i\u015fleyen ger\u00e7ek veya t\u00fczel ki\u015fi.<\/h6>\n<\/td>\n<\/tr>\n<tr>\n<td width=\"170\">\n<h6><strong>Veri Kay\u0131t Sistemi<\/strong><\/h6>\n<\/td>\n<td width=\"434\">\n<h6>Ki\u015fisel verilerin belirli kriterlere g\u00f6re yap\u0131land\u0131r\u0131larak i\u015flendi\u011fi kay\u0131t sistemi.<\/h6>\n<\/td>\n<\/tr>\n<tr>\n<td width=\"170\">\n<h6><strong>Veri Sorumlusu<\/strong><\/h6>\n<\/td>\n<td width=\"434\">\n<h6>Ki\u015fisel verilerin i\u015fleme ama\u00e7lar\u0131n\u0131 ve vas\u0131talar\u0131n\u0131 belirleyen, veri kay\u0131t sisteminin kurulmas\u0131nda ve y\u00f6netilmesinden sorumlu ger\u00e7ek veya t\u00fczel ki\u015fi.<\/h6>\n<\/td>\n<\/tr>\n<tr>\n<td width=\"170\">\n<h6><strong>Veri Sorumlular\u0131 Sicil Bilgi Sistemi (VERB\u0130S)<\/strong><\/h6>\n<\/td>\n<td width=\"434\">\n<h6>Veri sorumlular\u0131n\u0131n Sicile ba\u015fvuruda ve Sicile ili\u015fkin ilgili di\u011fer i\u015flemlerde kullanacaklar\u0131, internet \u00fczerinden eri\u015filebilen, Ba\u015fkanl\u0131k taraf\u0131ndan olu\u015fturulan ve y\u00f6netilen bili\u015fim sistemi.<\/h6>\n<\/td>\n<\/tr>\n<tr>\n<td width=\"170\">\n<h6><strong>Y\u00f6netmelik<\/strong><\/h6>\n<\/td>\n<td width=\"434\">\n<h6>28 Ekim 2017 tarihli Resm\u00ee Gazetede yay\u0131mlanan Ki\u015fisel Verilerin Silinmesi, Yok Edilmesi veya Anonim Hale Getirilmesi Hakk\u0131nda Y\u00f6netmelik.<\/h6>\n<\/td>\n<\/tr>\n<\/tbody>\n<\/table>\n<p><strong>2.\u00a0<\/strong><strong>SORUMLULUK VE G\u00d6REV DA\u011eILIMI<\/strong><\/p>\n<p>Klinik\u2019in \u00e7al\u0131\u015fanlar\u0131, sorumlu birimlerce Politika kapsam\u0131nda al\u0131nmakta olan teknik ve idari tedbirlerin gere\u011fi gibi uygulanmas\u0131, birim \u00e7al\u0131\u015fanlar\u0131n\u0131n e\u011fitimi ve fark\u0131ndal\u0131\u011f\u0131n\u0131n artt\u0131r\u0131lmas\u0131, izlenmesi ve s\u00fcrekli denetimi ile ki\u015fisel verilerin hukuka ayk\u0131r\u0131 olarak i\u015flenmesinin \u00f6nlenmesi, ki\u015fisel verilere hukuka ayk\u0131r\u0131 olarak eri\u015filmesinin \u00f6nlenmesi ve ki\u015fisel verilerin hukuka uygun saklanmas\u0131n\u0131n sa\u011flanmas\u0131 amac\u0131yla ki\u015fisel veri i\u015flenen t\u00fcm ortamlarda veri g\u00fcvenli\u011fini sa\u011flamaya y\u00f6nelik teknik ve idari tedbirlerin al\u0131nmas\u0131 konular\u0131nda sorumlu birimlere aktif olarak destek verir.<\/p>\n<p>Ki\u015fisel verilerin saklama ve imha s\u00fcre\u00e7lerinde g\u00f6rev alanlar\u0131n unvanlar\u0131, birimleri ve g\u00f6rev tan\u0131mlar\u0131na ait da\u011f\u0131l\u0131m a\u015fa\u011f\u0131daki tabloda verilmi\u015ftir.<\/p>\n<table>\n<tbody>\n<tr>\n<td width=\"201\">\n<h6><strong>UNVAN<\/strong><\/h6>\n<\/td>\n<td width=\"201\">\n<h6><strong>B\u0130R\u0130M<\/strong><\/h6>\n<\/td>\n<td width=\"201\">\n<h6><strong>G\u00d6REV<\/strong><\/h6>\n<\/td>\n<\/tr>\n<tr>\n<td width=\"201\">\n<h6>Dr. Yusuf Orhan U\u00e7al<\/h6>\n<\/td>\n<td width=\"201\">\n<h6>Doktor<\/h6>\n<\/td>\n<td width=\"201\">\n<h6>\u00c7al\u0131\u015fanlar\u0131n ve t\u00fcm birimlerin politikaya uygun hareket etmesinden sorumludur.<\/h6>\n<\/td>\n<\/tr>\n<tr>\n<td width=\"201\">\n<h6>\u0130rtibat Ki\u015fisi<\/h6>\n<\/td>\n<td width=\"201\">\n<h6>Doktor<\/h6>\n<\/td>\n<td width=\"201\">\n<h6>VERB\u0130S kay\u0131tlar\u0131n\u0131n takibinden ve KVK Kurumu\u2019yla Klinik aras\u0131nda kurulacak ileti\u015fimden sorumludur.<\/h6>\n<\/td>\n<\/tr>\n<tr>\n<td width=\"201\">\n<h6>Bilgi \u0130\u015flem<\/h6>\n<\/td>\n<td width=\"201\">\n<h6>Bilgi \u0130\u015flem<\/h6>\n<\/td>\n<td width=\"201\">\n<h6>Politika\u2019n\u0131n uygulanmas\u0131nda ihtiya\u00e7 duyulan teknik \u00e7\u00f6z\u00fcmlerin sunulmas\u0131ndan sorumludur.<\/h6>\n<\/td>\n<\/tr>\n<tr>\n<td width=\"201\">\n<h6>Resepsiyon, Asistan<\/h6>\n<\/td>\n<td width=\"201\">\n<h6>Di\u011fer Birimler<\/h6>\n<\/td>\n<td width=\"201\">\n<h6>G\u00f6revlerine uygun olarak Politikan\u0131n y\u00fcr\u00fct\u00fclmesinden sorumludur.<\/h6>\n<\/td>\n<\/tr>\n<\/tbody>\n<\/table>\n<p><strong>3.\u00a0\u00a0<\/strong><strong>KAYIT ORTAMLARI<\/strong><\/p>\n<p>Ki\u015fisel veriler, Klinik taraf\u0131ndan a\u015fa\u011f\u0131daki tabloda listelenen ortamlarda hukuka uygun olarak g\u00fcvenli bir \u015fekilde saklan\u0131r.<\/p>\n<table>\n<tbody>\n<tr>\n<td width=\"302\">\n<h6>Elektronik Ortamlar<\/h6>\n<\/td>\n<td width=\"302\">\n<h6>Elektronik Olmayan Ortamlar<\/h6>\n<\/td>\n<\/tr>\n<tr>\n<td width=\"302\">\n<h6>\u00b7\u00a0 Sunucular (Etki alan\u0131, yedekleme, e posta, veritaban\u0131, web, dosya payla\u015f\u0131m, vb.)<\/h6>\n<p>&nbsp;<\/p>\n<p>\u00b7\u00a0 Yaz\u0131l\u0131mlar (ofis yaz\u0131l\u0131mlar\u0131, mobil uygulamalar vb.)<\/p>\n<p>\u00b7\u00a0 Bilgi g\u00fcvenli\u011fi cihazlar\u0131 (g\u00fcvenlik duvar\u0131, sald\u0131r\u0131 tespit ve engelleme, g\u00fcnl\u00fck kay\u0131t dosyas\u0131, antivir\u00fcs vb. )<\/p>\n<p>\u00b7\u00a0 Ki\u015fisel bilgisayarlar (Masa\u00fcst\u00fc, diz\u00fcst\u00fc)<\/p>\n<p>\u00b7\u00a0 Mobil cihazlar (telefon, tablet vb.)<\/p>\n<p>\u00b7\u00a0 Optik diskler (CD, DVD vb.)<\/p>\n<p>\u00b7\u00a0 \u00c7\u0131kart\u0131labilir bellekler (USB, Haf\u0131za Kart vb.)<\/p>\n<p>\u00b7\u00a0 Yaz\u0131c\u0131, taray\u0131c\u0131, fotokopi makinesi<\/td>\n<td width=\"302\">\n<h6>\u00b7\u00a0 Ka\u011f\u0131t,<\/h6>\n<p>&nbsp;<\/p>\n<p>\u00b7\u00a0 Manuel veri kay\u0131t sistemleri (anket formlar\u0131, ziyaret\u00e7i giri\u015f defteri vb.)<\/p>\n<p>\u00b7\u00a0 Yaz\u0131l\u0131, bas\u0131l\u0131, g\u00f6rsel ortamlar<\/td>\n<\/tr>\n<\/tbody>\n<\/table>\n<p><strong>4.\u00a0<\/strong><strong>VER\u0130 SAKLAMA VE \u0130MHAYA \u0130L\u0130\u015eK\u0130N B\u0130LG\u0130LEND\u0130RME<\/strong><\/p>\n<p>Klinik taraf\u0131ndan; \u00e7al\u0131\u015fanlar, \u00e7al\u0131\u015fan adaylar\u0131, ziyaret\u00e7iler, hastalar ve hizmet sa\u011flay\u0131c\u0131 olarak ili\u015fkide bulunulan \u00fc\u00e7\u00fcnc\u00fc ki\u015filerin, kurumlar\u0131n veya kurulu\u015flar\u0131n \u00e7al\u0131\u015fanlar\u0131na ait ki\u015fisel veriler Kanuna uygun olarak saklan\u0131r ve imha edilir. Bu kapsamda saklama ve imhaya ili\u015fkin detayl\u0131 a\u00e7\u0131klamalara a\u015fa\u011f\u0131da s\u0131ras\u0131yla yer verilmi\u015ftir.<\/p>\n<p>4.1.\u00a0\u00a0\u00a0\u00a0 Saklamaya \u0130li\u015fkin A\u00e7\u0131klamalar<\/p>\n<p>Kanunun 3. maddesinde \u201c<em>ki\u015fisel verilerin i\u015flenmesi\u201d\u00a0<\/em>kavram\u0131 tan\u0131mlanm\u0131\u015f, 4. maddesinde i\u015flenen ki\u015fisel verinin \u201c<em>i\u015flendikleri ama\u00e7la ba\u011flant\u0131l\u0131, s\u0131n\u0131rl\u0131 ve \u00f6l\u00e7\u00fcl\u00fc olmas\u0131 ve ilgili mevzuatta \u00f6ng\u00f6r\u00fclen veya i\u015flendikleri ama\u00e7 i\u00e7in gerekli s\u00fcre kadar muhafaza edilmesi\u201d\u00a0<\/em>gerekti\u011fi belirtilmi\u015f, 5. ve 6. maddelerde ise \u201c<em>ki\u015fisel verilerin i\u015fleme \u015fartlar\u0131\u201d\u00a0<\/em>say\u0131lm\u0131\u015ft\u0131r.<\/p>\n<p>Buna g\u00f6re, Klinik faaliyetleri \u00e7er\u00e7evesinde ki\u015fisel veriler, \u201c<em>ilgili mevzuatta \u00f6ng\u00f6r\u00fclen veya i\u015fleme ama\u00e7lar\u0131m\u0131za uygun s\u00fcre kadar saklan\u0131r.\u201d<\/em><\/p>\n<p>4.1.1. Saklamay\u0131 Gerektiren \u0130\u015fleme Ama\u00e7lar\u0131<\/p>\n<p>Klinik, faaliyetleri \u00e7er\u00e7evesinde i\u015flemekte oldu\u011fu ki\u015fisel verileri a\u015fa\u011f\u0131daki ama\u00e7lar do\u011frultusunda saklamaktad\u0131r.<\/p>\n<ul>\n<li>\n<h6>Hasta tan\u0131, te\u015fhis, tedavi s\u00fcre\u00e7lerini y\u00f6netmek.<\/h6>\n<\/li>\n<li>\n<h6>\u0130nsan kaynaklar\u0131 s\u00fcre\u00e7lerini y\u00fcr\u00fctmek.<\/h6>\n<\/li>\n<li>\n<h6>Kurumsal ileti\u015fimi sa\u011flamak.<\/h6>\n<\/li>\n<li>\n<h6>Sunulan \u00fcr\u00fcn\/hizmetlerden hastalar\u0131 ve potansiyel hastalar\u0131 haberdar etmek.<\/h6>\n<\/li>\n<li>\n<h6>\u0130\u015f Sa\u011fl\u0131\u011f\u0131 ve G\u00fcvenli\u011fi s\u00fcre\u00e7lerini y\u00fcr\u00fctmek.<\/h6>\n<\/li>\n<li>\n<h6>\u0130statistiksel \u00e7al\u0131\u015fmalar yapabilmek.<\/h6>\n<\/li>\n<li>\n<h6>\u0130mzalanan s\u00f6zle\u015fmeler ve protokoller neticesinde i\u015f ve i\u015flemleri ifa edebilmek.<\/h6>\n<\/li>\n<li>\n<h6>Yasal d\u00fczenlemelerin gerektirdi\u011fi veya zorunlu k\u0131ld\u0131\u011f\u0131 \u015fekilde, hukuki y\u00fck\u00fcml\u00fcl\u00fcklerin yerine getirilmesini sa\u011flamak.<\/h6>\n<\/li>\n<li>\n<h6>Klinik ile i\u015f ili\u015fkisinde bulunan ger\u00e7ek \/ t\u00fczel ki\u015filerle irtibat sa\u011flamak.<\/h6>\n<\/li>\n<li>\n<h6>\u0130leride do\u011fabilecek hukuki uyu\u015fmazl\u0131klarda delil olarak ispat y\u00fck\u00fcml\u00fcl\u00fc\u011f\u00fcn\u00fc yerine getirebilmek.<\/h6>\n<\/li>\n<\/ul>\n<h6>4.1.2. Saklaman\u0131n Hukuki Sebepleri<\/h6>\n<p>&nbsp;<\/p>\n<p>Klinik\u2019in faaliyetleri \u00e7er\u00e7evesinde i\u015flenen ki\u015fisel veriler, ilgili mevzuatta \u00f6ng\u00f6r\u00fclen s\u00fcre kadar muhafaza edilir. Bu kapsamda ki\u015fisel veriler;<\/p>\n<ul>\n<li>\n<h6>6698 say\u0131l\u0131 Ki\u015fisel Verilerin Korunmas\u0131 Kanunu,<\/h6>\n<\/li>\n<li>\n<h6>6098 say\u0131l\u0131 T\u00fcrk Bor\u00e7lar Kanunu,<\/h6>\n<\/li>\n<li>\n<h6>5510 say\u0131l\u0131 Sosyal Sigortalar ve Genel Sa\u011fl\u0131k Sigortas\u0131 Kanunu,<\/h6>\n<\/li>\n<li>\n<h6>5651 say\u0131l\u0131 \u0130nternet Ortam\u0131nda Yap\u0131lan Yay\u0131nlar\u0131n D\u00fczenlenmesi ve Bu Yay\u0131nlar Yoluyla \u0130\u015flenen Su\u00e7larla M\u00fccadele Edilmesi Hakk\u0131nda Kanun,<\/h6>\n<\/li>\n<li>\n<h6>6331 say\u0131l\u0131 \u0130\u015f Sa\u011fl\u0131\u011f\u0131 ve G\u00fcvenli\u011fi Kanunu,<\/h6>\n<\/li>\n<li>\n<h6>4857 say\u0131l\u0131 \u0130\u015f Kanunu,<\/h6>\n<\/li>\n<li>\n<h6>Ki\u015fisel Sa\u011fl\u0131k Verileri Hakk\u0131nda Y\u00f6netmelik<\/h6>\n<\/li>\n<li>\n<h6>T\u0131bbi Cihaz Y\u00f6netmeli\u011fi<\/h6>\n<\/li>\n<li>\n<h6>Tan\u0131 ve Tedavi Protokolleri Etik Kurulu Hakk\u0131nda Y\u00f6netmelik<\/h6>\n<\/li>\n<li>\n<h6>Hasta Haklar\u0131 Y\u00f6netmeli\u011fi<\/h6>\n<\/li>\n<li>\n<h6>Bu kanunlar uyar\u0131nca y\u00fcr\u00fcrl\u00fckte olan di\u011fer ikincil d\u00fczenlemeler,<\/h6>\n<\/li>\n<\/ul>\n<h6>\u00e7er\u00e7evesinde \u00f6ng\u00f6r\u00fclen saklama s\u00fcreleri kadar saklanmaktad\u0131r.<\/h6>\n<p>&nbsp;<\/p>\n<p>4.2.\u00a0\u00a0\u00a0\u00a0 \u0130mhaya \u0130li\u015fkin A\u00e7\u0131klamalar ve \u0130mhay\u0131 Gerektiren Sebepler<\/p>\n<p>Ki\u015fisel veriler;<\/p>\n<ul>\n<li>\n<h6>\u0130\u015flenmesine esas te\u015fkil eden ilgili mevzuat h\u00fck\u00fcmlerinin de\u011fi\u015ftirilmesi veya ilgas\u0131,<\/h6>\n<\/li>\n<li>\n<h6>\u0130\u015flenmesini veya saklanmas\u0131n\u0131 gerektiren amac\u0131n ortadan kalkmas\u0131,<\/h6>\n<\/li>\n<li>\n<h6>Ki\u015fisel verileri i\u015flemenin sadece a\u00e7\u0131k r\u0131za \u015fart\u0131na istinaden ger\u00e7ekle\u015fti\u011fi hallerde, ilgili ki\u015finin a\u00e7\u0131k r\u0131zas\u0131n\u0131 geri almas\u0131,<\/h6>\n<\/li>\n<li>\n<h6>Kanunun 11 inci maddesi gere\u011fi ilgili ki\u015finin haklar\u0131 \u00e7er\u00e7evesinde ki\u015fisel verilerinin silinmesi ve yok edilmesine ili\u015fkin yapt\u0131\u011f\u0131 ba\u015fvurunun Klinik taraf\u0131ndan kabul edilmesi,<\/h6>\n<\/li>\n<li>\n<h6>Klinik\u2019in, ilgili ki\u015fi taraf\u0131ndan ki\u015fisel verilerinin silinmesi, yok edilmesi veya anonim hale getirilmesi talebi ile kendisine yap\u0131lan ba\u015fvuruyu reddetmesi, verdi\u011fi cevab\u0131 yetersiz bulmas\u0131 veya Kanunda \u00f6ng\u00f6r\u00fclen s\u00fcre i\u00e7inde cevap vermemesi hallerinde; Kurula \u015fik\u00e2yette bulunmas\u0131 ve bu talebin Kurul taraf\u0131ndan uygun bulunmas\u0131,<\/h6>\n<\/li>\n<li>\n<h6>Ki\u015fisel verilerin saklanmas\u0131n\u0131 gerektiren azami s\u00fcrenin ge\u00e7mi\u015f olmas\u0131 ve ki\u015fisel verileri daha uzun s\u00fcre saklamay\u0131 hakl\u0131 k\u0131lacak herhangi bir \u015fart\u0131n mevcut olmamas\u0131,<\/h6>\n<\/li>\n<\/ul>\n<h6>durumlar\u0131nda Klinik taraf\u0131ndan ilgili ki\u015finin talebi \u00fczerine silinir, yok edilir ya da re\u2019sen silinir, yok edilir veya anonim hale getirilir.<\/h6>\n<p>&nbsp;<\/p>\n<p><strong>5.<\/strong><strong>TEKN\u0130K VE \u0130DAR\u0130 TEDB\u0130RLER<\/strong><\/p>\n<p>Ki\u015fisel verilerin g\u00fcvenli bir \u015fekilde saklanmas\u0131, hukuka ayk\u0131r\u0131 olarak i\u015flenmesi ve eri\u015filmesinin \u00f6nlenmesi ile ki\u015fisel verilerin hukuka uygun olarak imha edilmesi i\u00e7in Kanunun 12. maddesiyle Kanunun 6. maddesi d\u00f6rd\u00fcnc\u00fc f\u0131kras\u0131 gere\u011fi \u00f6zel nitelikli ki\u015fisel veriler i\u00e7in KVK Kurumu taraf\u0131ndan belirlenerek ilan edilen yeterli \u00f6nlemler \u00e7er\u00e7evesinde Klinik taraf\u0131ndan teknik ve idari tedbirler al\u0131nmaktad\u0131r.<\/p>\n<p>5.1.\u00a0\u00a0\u00a0 Al\u0131nan Teknik Tedbirler<\/p>\n<p>Klinik taraf\u0131ndan, i\u015fledi\u011fi ki\u015fisel verilerle ilgili olarak al\u0131nan teknik tedbirler a\u015fa\u011f\u0131da say\u0131lm\u0131\u015ft\u0131r:<\/p>\n<ul>\n<li>\n<h6>Ki\u015fisel verilere yetkisiz eri\u015fimin \u00f6n\u00fcne ge\u00e7ilmesi i\u00e7in eri\u015fim y\u00f6netimi s\u00fcrecinin olu\u015fturulmas\u0131,<\/h6>\n<\/li>\n<li>\n<h6>Veri koruma ile ilgili s\u0131n\u0131fland\u0131rma ve olay y\u00f6netimi s\u00fcre\u00e7lerinin olu\u015fturulmas\u0131,<\/h6>\n<\/li>\n<li>\n<h6>Ki\u015fisel verilerin tutuldu\u011fu kay\u0131t ortamlar\u0131ndaki g\u00fcvenlik a\u00e7\u0131kl\u0131klar\u0131n\u0131n tespiti ve aksiyonlar\u0131n al\u0131nmas\u0131na ili\u015fkin zafiyet tarama s\u00fcrecinin olu\u015fturulmas\u0131,<\/h6>\n<\/li>\n<li>\n<h6>Zararl\u0131 yaz\u0131l\u0131mlar\u0131n Klinik a\u011f\u0131na eri\u015fmemesi i\u00e7in gerekli olan \u00e7\u00f6z\u00fcmlerin kullan\u0131lmas\u0131,<\/h6>\n<\/li>\n<li>\n<h6>Ki\u015fisel verilerin hukuka ayk\u0131r\u0131 i\u015flenmesini \u00f6nlemeye y\u00f6nelik risklerin belirlenmesi,<\/h6>\n<\/li>\n<li>\n<h6>Bu risklere uygun teknik tedbirlerin al\u0131nmas\u0131n\u0131n sa\u011flanmas\u0131 ve al\u0131nan tedbirlere y\u00f6nelik teknik kontrollerin yap\u0131lmas\u0131,<\/h6>\n<\/li>\n<li>\n<h6>Silinen ki\u015fisel verilerin ilgili kullan\u0131c\u0131lar i\u00e7in eri\u015filemez ve tekrar kullan\u0131lamaz olmas\u0131 i\u00e7in gerekli tedbirlerin al\u0131nmas\u0131.<\/h6>\n<\/li>\n<\/ul>\n<h6>5.2.\u00a0\u00a0\u00a0 Al\u0131nan \u0130dari Tedbirler<\/h6>\n<p>&nbsp;<\/p>\n<p>Klinik taraf\u0131ndan, i\u015fledi\u011fi ki\u015fisel verilerle ilgili olarak al\u0131nan idari tedbirler a\u015fa\u011f\u0131da say\u0131lm\u0131\u015ft\u0131r:<\/p>\n<ul>\n<li>\n<h6>Ki\u015fisel veri i\u015flemeye ba\u015flamadan \u00f6nce, ilgili ki\u015fileri ayd\u0131nlatma y\u00fck\u00fcml\u00fcl\u00fc\u011f\u00fcn\u00fcn yerine getirilmesi ve gerekti\u011fi hallerde a\u00e7\u0131k r\u0131zalar\u0131n\u0131n al\u0131nmas\u0131,<\/h6>\n<\/li>\n<li>\n<h6>Klinik\u2019in ticari ve ticari olmayan i\u015f ve ili\u015fkilerinde, s\u00f6zle\u015fmesel ili\u015fki kurdu\u011fu \u00fc\u00e7\u00fcnc\u00fc ki\u015fi irtibatlar\u0131yla gerekli ve yeterli bilgi g\u00fcvenli\u011fi, gizlilik ve ki\u015fisel verilerin korunmas\u0131 h\u00fck\u00fcmlerini imza alt\u0131na almas\u0131,<\/h6>\n<\/li>\n<li>\n<h6>Ki\u015fisel Veri Saklama ve \u0130mha Politikas\u0131\u2019n\u0131n yay\u0131nlanmas\u0131,<\/h6>\n<\/li>\n<li>\n<h6>Klinik internet sayfas\u0131 i\u00e7erisinde \u00e7erez politikas\u0131, genel bilgilendirme niteli\u011finde ayd\u0131nlatma metninin yay\u0131nlanmas\u0131,<\/h6>\n<\/li>\n<li>\n<h6>Kanun\u2019a uyumluluk \u00e7al\u0131\u015fmalar\u0131 kapsam\u0131nda Klinik i\u00e7erisindeki aktivite ve s\u00fcre\u00e7lerin analizlerinin yap\u0131lmas\u0131 ve yasaya uyum ad\u0131na al\u0131nacak aksiyonlar\u0131n belirlenmesi,<\/h6>\n<\/li>\n<li>\n<h6>Ki\u015fisel Veri Envanteri\u2019nin olu\u015fturulmas\u0131,<\/h6>\n<\/li>\n<li>\n<h6>\u00c7al\u0131\u015fanlar\u0131n ki\u015fisel veri g\u00fcvenli\u011fi bilincinin geli\u015ftirilmesine y\u00f6nelik; ki\u015fisel verilerin hukuka ayk\u0131r\u0131 olarak i\u015flenmenin \u00f6nlenmesi, ki\u015fisel verilerin hukuka ayk\u0131r\u0131 olarak eri\u015filmesinin \u00f6nlenmesi, ki\u015fisel verilerin muhafazas\u0131n\u0131n sa\u011flanmas\u0131 hakk\u0131nda e\u011fitimler verilmesi.<\/h6>\n<\/li>\n<\/ul>\n<h6><strong>6.\u00a0\u00a0\u00a0\u00a0\u00a0\u00a0\u00a0\u00a0\u00a0<\/strong><strong>K\u0130\u015e\u0130SEL VER\u0130LER\u0130 \u0130MHA TEKN\u0130KLER\u0130<\/strong><\/h6>\n<p>&nbsp;<\/p>\n<p>\u0130lgili mevzuatta \u00f6ng\u00f6r\u00fclen s\u00fcre ya da i\u015flendikleri ama\u00e7 i\u00e7in gerekli olan saklama s\u00fcresinin sonunda ki\u015fisel veriler, Klinik taraf\u0131ndan re\u2019sen veya ilgili ki\u015finin ba\u015fvurusu \u00fczerine yine ilgili mevzuat h\u00fck\u00fcmlerine uygun olarak a\u015fa\u011f\u0131da belirtilen tekniklerle imha edilir.<\/p>\n<p>6.1.\u00a0\u00a0\u00a0 Ki\u015fisel Verilerin Silinmesi<\/p>\n<p>Ki\u015fisel veriler a\u015fa\u011f\u0131da g\u00f6sterilen y\u00f6ntemlerle silinmektedir.<\/p>\n<table>\n<tbody>\n<tr>\n<td width=\"179\">\n<h6><strong>Veri Kay\u0131t Ortam\u0131<\/strong><\/h6>\n<p>&nbsp;<\/p>\n<p><strong>\u00a0<\/strong><\/td>\n<td width=\"425\">\n<h6><strong>\u0130\u015fleme \u0130li\u015fkin A\u00e7\u0131klama<\/strong><\/h6>\n<\/td>\n<\/tr>\n<tr>\n<td width=\"179\">\n<h6><strong>Sunucularda Yer Alan Ki\u015fisel Veriler<\/strong><\/h6>\n<\/td>\n<td width=\"425\">\n<h6>Sunucularda yer alan ki\u015fisel verilerden saklanmas\u0131n\u0131 gerektiren s\u00fcre sona erenler i\u00e7in sistem y\u00f6neticisi taraf\u0131ndan ilgili kullan\u0131c\u0131lar\u0131n eri\u015fim yetkisi kald\u0131r\u0131larak silme i\u015flemi yap\u0131l\u0131r.<\/h6>\n<\/td>\n<\/tr>\n<tr>\n<td width=\"179\">\n<h6><strong>Elektronik Ortamda Yer Alan Ki\u015fisel Veriler<\/strong><\/h6>\n<\/td>\n<td width=\"425\">\n<h6>Elektronik ortamda yer alan ki\u015fisel verilerden saklanmas\u0131n\u0131 gerektiren s\u00fcre sona erenler, veritaban\u0131 y\u00f6neticisi hari\u00e7 di\u011fer \u00e7al\u0131\u015fanlar (ilgili kullan\u0131c\u0131lar) i\u00e7in hi\u00e7bir \u015fekilde eri\u015filemez ve tekrar kullan\u0131lamaz hale getirilir.<\/h6>\n<\/td>\n<\/tr>\n<tr>\n<td width=\"179\">\n<h6><strong>Fiziksel Ortamda Yer Alan Ki\u015fisel Veriler<\/strong><\/h6>\n<\/td>\n<td width=\"425\">\n<h6>Fiziksel ortamda tutulan ki\u015fisel verilerden saklanmas\u0131n\u0131 gerektiren s\u00fcre sona erenler i\u00e7in hi\u00e7bir \u015fekilde eri\u015filemez ve tekrar kullan\u0131lamaz hale getirilir. Ayr\u0131ca, \u00fczeri okunamayacak \u015fekilde \u00e7izilerek\/boyanarak\/silinerek karartma i\u015flemi de uygulan\u0131r.<\/h6>\n<\/td>\n<\/tr>\n<tr>\n<td width=\"179\">\n<h6><strong>Ta\u015f\u0131nabilir Medyada Bulunan Ki\u015fisel Veriler<\/strong><\/h6>\n<\/td>\n<td width=\"425\">\n<h6>Flash tabanl\u0131 saklama ortamlar\u0131nda tutulan ki\u015fisel verilerden saklanmas\u0131n\u0131 gerektiren s\u00fcre sona erenler, sistem y\u00f6neticisi taraf\u0131ndan \u015fifrelenerek ve eri\u015fim yetkisi sadece sistem y\u00f6neticisine verilerek \u015fifreleme anahtarlar\u0131yla g\u00fcvenli ortamlarda saklan\u0131r.<\/h6>\n<\/td>\n<\/tr>\n<\/tbody>\n<\/table>\n<p>6.2.\u00a0\u00a0\u00a0 Ki\u015fisel Verilerin Yok Edilmesi<\/p>\n<p>Ki\u015fisel veriler, Klinik taraf\u0131ndan a\u015fa\u011f\u0131da verilen y\u00f6ntemlerle yok edilir.<\/p>\n<table>\n<tbody>\n<tr>\n<td width=\"179\">\n<h6><strong>Veri Kay\u0131t Ortam\u0131<\/strong><\/h6>\n<p>&nbsp;<\/p>\n<p><strong>\u00a0<\/strong><\/td>\n<td width=\"425\">\n<h6><strong>\u0130\u015fleme \u0130li\u015fkin A\u00e7\u0131klama<\/strong><\/h6>\n<\/td>\n<\/tr>\n<tr>\n<td width=\"179\">\n<h6><strong>Fiziksel Ortamda Yer Alan Ki\u015fisel Veriler<\/strong><\/h6>\n<\/td>\n<td width=\"425\">\n<h6>K\u00e2\u011f\u0131t ortam\u0131nda yer alan ki\u015fisel verilerden saklanmas\u0131n\u0131 gerektiren s\u00fcre sona erenler, k\u00e2\u011f\u0131t k\u0131rpma makinelerinde geri d\u00f6nd\u00fcr\u00fclemeyecek \u015fekilde yok edilir.<\/h6>\n<\/td>\n<\/tr>\n<tr>\n<td width=\"179\">\n<h6><strong>CD, USB vb. Optik\/Manyetik Medyada Yer Alan Ki\u015fisel Veriler<\/strong><\/h6>\n<\/td>\n<td width=\"425\">\n<h6>Optik medya ve manyetik medyada yer alan ki\u015fisel verilerden saklanmas\u0131n\u0131 gerektiren s\u00fcre sona erenlerin eritilmesi, yak\u0131lmas\u0131 veya toz haline getirilmesi gibi fiziksel olarak yok edilmesi i\u015flemi uygulan\u0131r. Ayr\u0131ca, manyetik medya \u00f6zel bir cihazdan ge\u00e7irilerek y\u00fcksek de\u011ferde manyetik alana maruz b\u0131rak\u0131lmas\u0131 suretiyle \u00fczerindeki veriler okunamaz hale getirilir.<\/h6>\n<\/td>\n<\/tr>\n<\/tbody>\n<\/table>\n<p>6.3.\u00a0\u00a0\u00a0 Ki\u015fisel Verilerin Anonim Hale Getirilmesi<\/p>\n<p>Ki\u015fisel verilerin anonim hale getirilmesi, ki\u015fisel verilerin ba\u015fka verilerle e\u015fle\u015ftirilse dahi hi\u00e7bir surette kimli\u011fi belirli veya belirlenebilir bir ger\u00e7ek ki\u015fiyle ili\u015fkilendirilemeyecek hale getirilmesidir.<\/p>\n<p>Ki\u015fisel verilerin anonim hale getirilmi\u015f olmas\u0131 i\u00e7in; ki\u015fisel verilerin, veri sorumlusu veya \u00fc\u00e7\u00fcnc\u00fc ki\u015filer taraf\u0131ndan geri d\u00f6nd\u00fcr\u00fclmesi ve\/veya verilerin ba\u015fka verilerle e\u015fle\u015ftirilmesi gibi kay\u0131t ortam\u0131 ve ilgili faaliyet alan\u0131 a\u00e7\u0131s\u0131ndan uygun tekniklerin kullan\u0131lmas\u0131 yoluyla dahi kimli\u011fi belirli veya belirlenebilir bir ger\u00e7ek ki\u015fiyle ili\u015fkilendirilemez hale getirilmesi gerekir. Bu kapsamda Klinik , i\u015fleme amac\u0131 ortadan kalkan ki\u015fisel verilere y\u00f6nelik olarak Ki\u015fisel Verileri Koruma Kurumu taraf\u0131ndan yay\u0131nlanm\u0131\u015f rehberlerdeki anonim hale getirme y\u00f6ntemlerinden faydalanmaktad\u0131r.<\/p>\n<p><strong>7.\u00a0\u00a0\u00a0\u00a0\u00a0\u00a0\u00a0\u00a0\u00a0<\/strong><strong>SAKLAMA VE \u0130MHA S\u00dcRELER\u0130<\/strong><\/p>\n<p>7.1.\u00a0\u00a0\u00a0 Periyodik \u0130mha S\u00fcresi<\/p>\n<p>Ki\u015fisel Verilerin Silinmesi, Yok Edilmesi veya Anonim Hale Getirilmesi Hakk\u0131nda Y\u00f6netmelik. 11.maddesi gere\u011fince Klinik, periyodik imha s\u00fcresini 6 ay olarak belirlemi\u015ftir. Buna g\u00f6re Klinik, Ki\u015fisel Veri Envanterine paralel olarak, dijital ve fiziksel ortamlar\u0131nda tuttu\u011fu ki\u015fisel verileri, periyodik olarak en ge\u00e7 6 ayda bir\u00a0<em>(180 g\u00fcn)\u00a0<\/em>kontrol edece\u011fini ve i\u015flendikleri ama\u00e7 sona erdi\u011finde s\u00f6z konusu verileri tekrar eden aral\u0131klarla resen silece\u011fini, yok edece\u011fini veya anonim hale getirece\u011fini taahh\u00fct eder.<\/p>\n<p>7.2.\u00a0\u00a0\u00a0 S\u00fcre\u00e7 Baz\u0131nda Saklama ve \u0130mha S\u00fcreleri Tablosu<\/p>\n<p>Klinik taraf\u0131ndan, faaliyetleri kapsam\u0131nda i\u015flenmekte olan ki\u015fisel verilerle ilgili olarak;<\/p>\n<ul>\n<li>\n<h6>S\u00fcre\u00e7lere ba\u011fl\u0131 olarak ger\u00e7ekle\u015ftirilen faaliyetler kapsam\u0131ndaki t\u00fcm ki\u015fisel verilerle ilgili ki\u015fisel veri baz\u0131nda saklama s\u00fcreleri Ki\u015fisel Veri \u0130\u015fleme Envanterinde;<\/h6>\n<\/li>\n<li>\n<h6>Kay\u0131t y\u00fck\u00fcml\u00fcl\u00fc\u011f\u00fc olmas\u0131 halinde veri kategorileri baz\u0131nda saklama s\u00fcreleri VERB\u0130S\u2019e kay\u0131tta;<\/h6>\n<\/li>\n<li>\n<h6>S\u00fcre\u00e7 baz\u0131nda saklama s\u00fcreleri ise Ki\u015fisel Veri Saklama ve \u0130mha Politikas\u0131nda<\/h6>\n<\/li>\n<\/ul>\n<h6>yer al\u0131r.<\/h6>\n<p>&nbsp;<\/p>\n<p>S\u00f6z konusu saklama s\u00fcreleri \u00fczerinde, gerekmesi halinde g\u00fcncellemeler yap\u0131l\u0131r. Saklama s\u00fcreleri sona eren ki\u015fisel veriler i\u00e7in re\u2019sen silme, yok etme veya anonim hale getirme i\u015flemi Klinik\u2019in yetkili birimleri taraf\u0131ndan yerine getirilir.<\/p>\n<table>\n<tbody>\n<tr>\n<td width=\"201\">\n<h6><strong>S\u00dcRE\u00c7<\/strong><\/h6>\n<\/td>\n<td width=\"201\">\n<h6><strong>SAKLAMA S\u00dcRES\u0130<\/strong><\/h6>\n<\/td>\n<td width=\"201\">\n<h6><strong>\u0130MHA S\u00dcRES\u0130<\/strong><\/h6>\n<\/td>\n<\/tr>\n<tr>\n<td width=\"201\">\n<h6>Klinik\u2019in hasta ve potansiyel hasta i\u015flemleri<\/h6>\n<\/td>\n<td width=\"201\">\n<h6>10 y\u0131l<\/h6>\n<\/td>\n<td width=\"201\">\n<h6>Saklama s\u00fcresinin bitimini takip eden ilk periyodik imha s\u00fcresinde<\/h6>\n<\/td>\n<\/tr>\n<tr>\n<td width=\"201\">\n<h6>S\u00f6zle\u015fmelerin akdedilmesi<\/h6>\n<\/td>\n<td width=\"201\">\n<h6>10 y\u0131l<\/h6>\n<\/td>\n<td width=\"201\">\n<h6>Saklama s\u00fcresinin bitimini takip eden ilk periyodik imha s\u00fcresinde<\/h6>\n<\/td>\n<\/tr>\n<tr>\n<td width=\"201\">\n<h6>\u0130SG mevzuat\u0131ndan do\u011fan y\u00fck\u00fcml\u00fcl\u00fcklerin yerine getirilmesi<\/h6>\n<\/td>\n<td width=\"201\">\n<h6>15 y\u0131l<\/h6>\n<\/td>\n<td width=\"201\">\n<h6>Saklama s\u00fcresinin bitimini takip eden ilk periyodik imha s\u00fcresinde<\/h6>\n<\/td>\n<\/tr>\n<tr>\n<td width=\"201\">\n<h6>Tedarik, sat\u0131n alma ve muhasebe s\u00fcre\u00e7lerinin y\u00fcr\u00fct\u00fclmesi<\/h6>\n<\/td>\n<td width=\"201\">\n<h6>10 y\u0131l<\/h6>\n<\/td>\n<td width=\"201\">\n<h6>Saklama s\u00fcresinin bitimini takip eden ilk periyodik imha s\u00fcresinde<\/h6>\n<\/td>\n<\/tr>\n<tr>\n<td width=\"201\">\n<h6>\u0130nsan kaynaklar\u0131 s\u00fcre\u00e7lerinin y\u00fcr\u00fct\u00fclmesi<\/h6>\n<\/td>\n<td width=\"201\">\n<h6>10 y\u0131l<\/h6>\n<\/td>\n<td width=\"201\">\n<h6>Saklama s\u00fcresinin bitimini takip eden ilk periyodik imha s\u00fcresinde<\/h6>\n<\/td>\n<\/tr>\n<tr>\n<td width=\"201\">\n<h6>\u0130\u015f ba\u015fvurusu de\u011ferlendirme s\u00fcre\u00e7lerinin y\u00fcr\u00fct\u00fclmesi<\/h6>\n<\/td>\n<td width=\"201\">\n<h6>3 y\u0131l<\/h6>\n<\/td>\n<td width=\"201\">\n<h6>Saklama s\u00fcresinin bitimini takip eden ilk periyodik imha s\u00fcresinde<\/h6>\n<\/td>\n<\/tr>\n<tr>\n<td width=\"201\">\n<h6>\u0130nternet sitesi ziyaret\u00e7i kay\u0131tlar\u0131n\u0131n olu\u015fturulmas\u0131<\/h6>\n<\/td>\n<td width=\"201\">\n<h6>2 y\u0131l<\/h6>\n<\/td>\n<td width=\"201\">\n<h6>Saklama s\u00fcresinin bitimini takip eden ilk periyodik imha s\u00fcresinde<\/h6>\n<\/td>\n<\/tr>\n<tr>\n<td width=\"201\">\n<h6>Faturalama ve Ar\u015fiv s\u00fcre\u00e7lerinin y\u00fcr\u00fct\u00fclmesi<\/h6>\n<\/td>\n<td width=\"201\">\n<h6>10 y\u0131l<\/h6>\n<\/td>\n<td width=\"201\">\n<h6>Saklama s\u00fcresinin bitimini takip eden ilk periyodik imha s\u00fcresinde<\/h6>\n<\/td>\n<\/tr>\n<tr>\n<td width=\"201\">\n<h6>Tedarik s\u00fcre\u00e7lerinin denetimi ve takibi<\/h6>\n<\/td>\n<td width=\"201\">\n<h6>10 y\u0131l<\/h6>\n<\/td>\n<td width=\"201\">\n<h6>Saklama s\u00fcresinin bitimini takip eden ilk periyodik imha s\u00fcresinde<\/h6>\n<\/td>\n<\/tr>\n<\/tbody>\n<\/table>\n<h6><strong>8.\u00a0\u00a0\u00a0\u00a0\u00a0\u00a0\u00a0\u00a0\u00a0<\/strong><strong>POL\u0130T\u0130KA\u2019NIN YAYINLANMASI VE G\u00dcNCEL TUTULMASI<\/strong><\/h6>\n<p>&nbsp;<\/p>\n<p>Politika, \u0131slak imzal\u0131 (bas\u0131l\u0131 k\u00e2\u011f\u0131t) ve elektronik ortamda olmak \u00fczere iki farkl\u0131 ortamda yay\u0131mlan\u0131r, Klinik\u2019in internet sayfas\u0131nda kamuya a\u00e7\u0131klan\u0131r. Bas\u0131l\u0131 k\u00e2\u011f\u0131t n\u00fcshas\u0131 da Klinik veri kay\u0131t taban\u0131nda saklanarak herkesin eri\u015fimine a\u00e7\u0131k tutulur.<\/p>\n<p>Politika, ihtiya\u00e7 duyulduk\u00e7a g\u00f6zden ge\u00e7irilir ve gerekli olan b\u00f6l\u00fcmler g\u00fcncellenir. Politika\u2019n\u0131n g\u00fcncel hali, Klinik\u2019in internet sitesine ve Klinik veri kay\u0131t taban\u0131na y\u00fcklendi\u011fi andan itibaren ge\u00e7erli olacakt\u0131r.<\/p>\n<p><strong>9.<\/strong><strong>POL\u0130T\u0130KANIN Y\u00dcR\u00dcRL\u00dc\u011e\u00dc<\/strong><\/p>\n<p>Politika, Klinik\u2019in internet sitesinde yay\u0131nlanmas\u0131n\u0131n ard\u0131ndan y\u00fcr\u00fcrl\u00fc\u011fe girmi\u015f kabul edilir. Y\u00fcr\u00fcrl\u00fckten kald\u0131r\u0131lmas\u0131na karar verilmesi halinde, Politika\u2019n\u0131n \u0131slak imzal\u0131 eski n\u00fcshalar\u0131 Dr. Yusuf Orhan U\u00e7al karar\u0131 ile iptal edilerek (iptal ka\u015fesi vurularak veya iptal yaz\u0131larak) imzalan\u0131r ve en az 5 y\u0131l s\u00fcre ile klinik veri kay\u0131t taban\u0131nda saklan\u0131r.<\/p>\n","protected":false},"excerpt":{"rendered":"<p>YUSUF ORHAN U\u00c7AL\u00a0(DR. Y.O.U. RHINOCLINIC)\u00a0K\u0130\u015e\u0130SEL VER\u0130 SAKLAMA ve\u00a0\u0130MHA POL\u0130T\u0130KASI ADRES\u00a0\u00a0\u00a0\u00a0\u00a0\u00a0\u00a0\u00a0\u00a0\u00a0\u00a0 : K\u00fc\u00e7\u00fckbakkalk\u00f6y Mah. Dudullu Cad. No:23-25 B Brandium residence R2 Blok D:97-98 34788 Ata\u015fehir\/\u0130stanbul\u00a0\u00a0\u00a0\u00a0\u00a0\u00a0\u00a0\u00a0\u00a0\u00a0 TELEFON\u00a0\u00a0\u00a0\u00a0\u00a0\u00a0 : +90 (216) 909 4131 WEB\u00a0\u00a0\u00a0\u00a0\u00a0\u00a0\u00a0\u00a0\u00a0\u00a0\u00a0\u00a0\u00a0\u00a0\u00a0 : www.orhanucal.com\u00a0\u00a0\u00a0\u00a0\u00a0\u00a0\u00a0\u00a0\u00a0\u00a0\u00a0\u00a0\u00a0\u00a0 Bu Politika metninde yer alan t\u00fcm i\u00e7eriklerin, bireysel kullan\u0131m d\u0131\u015f\u0131nda izin al\u0131nmadan k\u0131smen ya da tamamen kopyalanmas\u0131, \u00e7o\u011falt\u0131lmas\u0131, kullan\u0131lmas\u0131, yay\u0131mlanmas\u0131 ve da\u011f\u0131t\u0131lmas\u0131 [&hellip;]<\/p>\n","protected":false},"author":1,"featured_media":0,"parent":0,"menu_order":0,"comment_status":"closed","ping_status":"closed","template":"","meta":{"footnotes":""},"class_list":["post-335","page","type-page","status-publish","hentry"],"_links":{"self":[{"href":"https:\/\/www.orhanucal.com\/tr\/wp-json\/wp\/v2\/pages\/335","targetHints":{"allow":["GET"]}}],"collection":[{"href":"https:\/\/www.orhanucal.com\/tr\/wp-json\/wp\/v2\/pages"}],"about":[{"href":"https:\/\/www.orhanucal.com\/tr\/wp-json\/wp\/v2\/types\/page"}],"author":[{"embeddable":true,"href":"https:\/\/www.orhanucal.com\/tr\/wp-json\/wp\/v2\/users\/1"}],"replies":[{"embeddable":true,"href":"https:\/\/www.orhanucal.com\/tr\/wp-json\/wp\/v2\/comments?post=335"}],"version-history":[{"count":1,"href":"https:\/\/www.orhanucal.com\/tr\/wp-json\/wp\/v2\/pages\/335\/revisions"}],"predecessor-version":[{"id":336,"href":"https:\/\/www.orhanucal.com\/tr\/wp-json\/wp\/v2\/pages\/335\/revisions\/336"}],"wp:attachment":[{"href":"https:\/\/www.orhanucal.com\/tr\/wp-json\/wp\/v2\/media?parent=335"}],"curies":[{"name":"wp","href":"https:\/\/api.w.org\/{rel}","templated":true}]}}