{"id":47,"date":"2025-06-11T15:01:30","date_gmt":"2025-06-11T12:01:30","guid":{"rendered":"https:\/\/www.orhanucal.com\/tr\/?page_id=47"},"modified":"2025-07-21T15:56:30","modified_gmt":"2025-07-21T12:56:30","slug":"hakkimizda","status":"publish","type":"page","link":"https:\/\/www.orhanucal.com\/tr\/hakkimizda\/","title":{"rendered":"Hakk\u0131m\u0131zda"},"content":{"rendered":"<p>27 Eyl\u00fcl 1983 tarihinde k\u00fc\u00e7\u00fck bir g\u00fcney ili olan Kilis\u2019te tipik bir terazi erke\u011fi olarak d\u00fcnyaya geldim. \u0130lk orta ve lise e\u011fitimini tamamlad\u0131ktan sonra daha ilkokul s\u0131ralar\u0131nda karar verdi\u011fim t\u0131p macerama 2001 y\u0131l\u0131nda Manisa Celal Bayar \u00fcniversitesinde ba\u015flad\u0131m burada ge\u00e7irdi\u011fim 2 y\u0131l\u0131n sonunda hayat\u0131m\u0131n da \u015fekillence\u011fi \u00c7ukurova \u00dcniversitesi\u2019ne yatay ge\u00e7i\u015f yapt\u0131m.<\/p>\n<p>T\u0131p fak\u00fcltesini dereceyle bitirip hayat\u0131n ger\u00e7ekleriyle y\u00fczle\u015fmek ve mecburi hizmetimi yapmak \u00fczere Kilis Devlet Hastanesi Acil servisinde g\u00f6reve ba\u015flad\u0131m bu s\u0131rada t\u0131pta uzmanl\u0131k s\u0131nav\u0131n\u0131 kazanm\u0131\u015ft\u0131m ve 3.ay sonunda kulak burun bo\u011faza dair her\u015feyi \u00f6\u011frendi\u011fim \u015ei\u015fli Etfal E\u011fitim ve Ara\u015ft\u0131rma Hastanesine ba\u015flad\u0131m. Burada \u00e7ok yo\u011fun bir hasta trafi\u011fi ve tecr\u00fcbeli hocalar\u0131m\u0131n da deste\u011fiyle Kulak Burun Bo\u011faz\u2019a ait t\u00fcm ameliyatlar\u0131 ger\u00e7ekle\u015ftirerek 2013 y\u0131l\u0131nda uzmanl\u0131k diplomam\u0131 almaya hak kazand\u0131m.<\/p>\n<p>Ulusal ve uluslararas\u0131 hakemli dergilerde onlarca makalelerim yine ulusal ve uluslararas\u0131 kongrelerde konu\u015fmalar\u0131m oldu. Uzmanl\u0131k E\u011fitimi s\u0131ras\u0131nda Avusturya\u2019n\u0131n Graz \u015fehrinde alan\u0131n\u0131n \u00f6nde gelen isimlerinden Prof.Dr. Gerhard Friedrich ve PD Dr.Markus Gugatschka ile birlikte \u00e7al\u0131\u015fma imkan\u0131 buldum Bu klinikte \u00f6zellikle ses hastal\u0131klar\u0131 ve burun esteti\u011fi konular\u0131na \u00f6nem vererek onlarca ameliyata e\u015flik etme \u015fans\u0131m oldu.<\/p>\n<p>Van\/Erci\u015f devlet hastanesinde mecburi hizmetimi ger\u00e7ekle\u015ftirdim bu zaman diliminde de\u011fi\u015fik tekniklerle y\u00fczlerce burun esteti\u011fi yapma f\u0131rsat\u0131m oldu ve bu sayede bu konuda kendi tekni\u011fimi \u015fekillendirmeye ba\u015flad\u0131m.<\/p>\n<p>2014-2017 y\u0131llar\u0131 aras\u0131nda \u00d6zel Sur Hastanesinde Kulak Burun Bo\u011faz uzman\u0131 olarak \u00e7al\u0131\u015ft\u0131m ve bu 3 y\u0131ll\u0131k s\u00fcre\u00e7te 1000\u2019den fazla hastan\u0131n operasyonunu ger\u00e7ekle\u015ftirdim. \u00d6zellikle piezo yani ultrasonik kemik kesicinin hayat\u0131ma girmesiyle art\u0131k burun esteti\u011fi benim i\u00e7in planda olmaya ba\u015flad\u0131.<\/p>\n<p>2017 Haziran ay\u0131ndan itibaren kendi muayenehanemde Burun Esteti\u011fi, Pediatrik KBB ve Y\u00fcz Estetik Uygulamalar\u0131 alan\u0131nda hizmet vermekteyim.<\/p>\n<p>Klini\u011fimizin genel koordinat\u00f6r\u00fc ve ayn\u0131 zamanda sevgili E\u015fim H\u00fclya ile mutlu bir evlili\u011fim, O\u011fuz Kerem ve Can ad\u0131nda iki o\u011flumuz var.<\/p>\n<p><a data-fancybox=\"certificate\" href=\"https:\/\/www.orhanucal.com\/tr\/wp-content\/uploads\/2025\/07\/orhanucal-europen.jpg\"><br \/>\n<img decoding=\"async\" src=\"https:\/\/www.orhanucal.com\/tr\/wp-content\/uploads\/2025\/07\/european.jpg\" alt=\"\" class=\"img-fluid certificate\"><br \/>\n<\/a><\/p>\n<p><iframe loading=\"lazy\" src=\"https:\/\/www.youtube.com\/embed\/yAeaLUiNwo8\" width=\"100%\" height=\"500\" frameborder=\"0\" allowfullscreen=\"allowfullscreen\"><span data-mce-type=\"bookmark\" style=\"display: inline-block; width: 0px; overflow: hidden; line-height: 0;\" class=\"mce_SELRES_start\">\ufeff<\/span><\/iframe><\/p>\n","protected":false},"excerpt":{"rendered":"<p>27 Eyl\u00fcl 1983 tarihinde k\u00fc\u00e7\u00fck bir g\u00fcney ili olan Kilis\u2019te tipik bir terazi erke\u011fi olarak d\u00fcnyaya geldim. \u0130lk orta ve lise e\u011fitimini tamamlad\u0131ktan sonra daha ilkokul s\u0131ralar\u0131nda karar verdi\u011fim t\u0131p macerama 2001 y\u0131l\u0131nda Manisa Celal Bayar \u00fcniversitesinde ba\u015flad\u0131m burada ge\u00e7irdi\u011fim 2 y\u0131l\u0131n sonunda hayat\u0131m\u0131n da \u015fekillence\u011fi \u00c7ukurova \u00dcniversitesi\u2019ne yatay ge\u00e7i\u015f yapt\u0131m. T\u0131p fak\u00fcltesini dereceyle bitirip [&hellip;]<\/p>\n","protected":false},"author":1,"featured_media":252,"parent":0,"menu_order":0,"comment_status":"closed","ping_status":"closed","template":"","meta":{"footnotes":""},"class_list":["post-47","page","type-page","status-publish","has-post-thumbnail","hentry"],"_links":{"self":[{"href":"https:\/\/www.orhanucal.com\/tr\/wp-json\/wp\/v2\/pages\/47","targetHints":{"allow":["GET"]}}],"collection":[{"href":"https:\/\/www.orhanucal.com\/tr\/wp-json\/wp\/v2\/pages"}],"about":[{"href":"https:\/\/www.orhanucal.com\/tr\/wp-json\/wp\/v2\/types\/page"}],"author":[{"embeddable":true,"href":"https:\/\/www.orhanucal.com\/tr\/wp-json\/wp\/v2\/users\/1"}],"replies":[{"embeddable":true,"href":"https:\/\/www.orhanucal.com\/tr\/wp-json\/wp\/v2\/comments?post=47"}],"version-history":[{"count":12,"href":"https:\/\/www.orhanucal.com\/tr\/wp-json\/wp\/v2\/pages\/47\/revisions"}],"predecessor-version":[{"id":328,"href":"https:\/\/www.orhanucal.com\/tr\/wp-json\/wp\/v2\/pages\/47\/revisions\/328"}],"wp:featuredmedia":[{"embeddable":true,"href":"https:\/\/www.orhanucal.com\/tr\/wp-json\/wp\/v2\/media\/252"}],"wp:attachment":[{"href":"https:\/\/www.orhanucal.com\/tr\/wp-json\/wp\/v2\/media?parent=47"}],"curies":[{"name":"wp","href":"https:\/\/api.w.org\/{rel}","templated":true}]}}